{"id":90,"date":"2022-01-07T05:16:12","date_gmt":"2022-01-07T05:16:12","guid":{"rendered":"https:\/\/www.hvg-ttl.ch\/?page_id=90"},"modified":"2026-04-18T18:56:31","modified_gmt":"2026-04-18T17:56:31","slug":"news","status":"publish","type":"page","link":"https:\/\/www.hvgtrub.ch\/?page_id=90","title":{"rendered":"News"},"content":{"rendered":"\n<h2 class=\"wp-block-heading\">Der Weg des Holzes<\/h2>\n\n\n\n<p>Einen Beitrag von neo1: <a href=\"https:\/\/www.neo1.ch\/artikel\/der-weg-des-holzes\">https:\/\/www.neo1.ch\/artikel\/der-weg-des-holzes<\/a><\/p>\n\n\n\n<h2 class=\"wp-block-heading\">Informationsveranstaltung 17.10.2025<\/h2>\n\n\n\n<p><strong>Am 17. Oktober 2025 fand in der Truberholzhalle der Zimmerei Hirschi AG der<br>allj\u00e4hrliche Informationsabend der HVG Trub, Trubschachen und Langnau statt.<br>Zahlreiche Mitglieder und Interessierte versammelten sich, um sich \u00fcber<br>aktuelle Themen rund um den Wald und die Wildpolitik im Kanton Bern zu<br>informieren.<\/strong><br><br><strong>Einblicke in die Wildpolitik<\/strong><br>Die Veranstaltung wurde von Pr\u00e4sident Walter Sutter er\u00f6ffnet, der die Anwesenden<br>herzlich willkommen hiess. Im Anschluss referierte Nicole Imesch, Jagdinspektorin<br>des Kantons Bern, \u00fcber die Herausforderungen der Wildpolitik. Besonders im<br>Napfgebiet beleuchtete sie die Sch\u00e4den, die durch den hohen Wilddruck verursacht<br>werden. Ihr Referat stie\u00df auf gro\u00dfes Interesse, und zahlreiche Fragen der<br>Teilnehmer zeugen von der Relevanz des Themas. Imesch zeigte sich<br>verst\u00e4ndnisvoll gegen\u00fcber den Anliegen der Waldbesitzer und erhielt f\u00fcr ihren<br>Vortrag viel Applaus sowie ein Dankesch\u00f6n in Form eines Geschenks.<br><br><strong>Waldthemen und neue Entwicklungen<\/strong><br>Oberf\u00f6rster Martin St\u00e4deli und Revierf\u00f6rster Andreas Schweizer informierten die<br>Anwesenden \u00fcber aktuelle Waldthemen. Sie berichteten, dass die Mitwirkungsfrist f\u00fcr<br>den neuen Waldrichtplan am 15. Oktober 2025 abgelaufen sei. Erste Ergebnisse<br>werden bis zur Generalversammlung im M\u00e4rz 2026 erwartet.<br><br><strong>Positive Nachrichten f\u00fcr Waldbesitzer<\/strong><br>Ein weiterer H\u00f6hepunkt des Abends war die positive Entwicklung des Holzmarkts.<br>Die Nachfrage nach Holz ist gestiegen, und viele S\u00e4gereien haben die<br>Rundholzpreise angehoben. Die Waldbesitzer wurden ermutigt, die aktuelle<br>Marktlage zu nutzen und Holz zu schlagen.<br>Dar\u00fcber hinaus wurden die Anwesenden \u00fcber die Verwendung der pers\u00f6nlichen<br>Daten der Genossenschafter sowie \u00fcber den Jungwuchspflegekurs, der am 21.<br>Oktober 2025 stattfindet, informiert.<br><br><strong>Abschied und geselliges Beisammensein<\/strong><br>Der Informationsabend endete mit einem geselligen Imbiss, der den Teilnehmern die<br>M\u00f6glichkeit bot, in Austausch zu treten und die Informationen des Abends in<br>angenehmer Atmosph\u00e4re nachklingen zu lassen.<br>Die HVG blickt auf einen gelungenen Abend zur\u00fcck und bedankt sich bei allen<br>Anwesenden f\u00fcr ihr Interesse und Engagement.<\/p>\n\n\n\n<figure class=\"wp-block-image size-full\"><img fetchpriority=\"high\" decoding=\"async\" width=\"800\" height=\"600\" src=\"https:\/\/www.hvgtrub.ch\/wp-content\/uploads\/2025\/12\/20251017_204049.jpg\" alt=\"\" class=\"wp-image-1058\" srcset=\"https:\/\/www.hvgtrub.ch\/wp-content\/uploads\/2025\/12\/20251017_204049.jpg 800w, https:\/\/www.hvgtrub.ch\/wp-content\/uploads\/2025\/12\/20251017_204049-300x225.jpg 300w, https:\/\/www.hvgtrub.ch\/wp-content\/uploads\/2025\/12\/20251017_204049-768x576.jpg 768w\" sizes=\"(max-width: 800px) 100vw, 800px\" \/><\/figure>\n\n\n\n<figure class=\"wp-block-image size-full\"><img decoding=\"async\" width=\"800\" height=\"600\" src=\"https:\/\/www.hvgtrub.ch\/wp-content\/uploads\/2025\/12\/20251017_204101.jpg\" alt=\"\" class=\"wp-image-1059\" srcset=\"https:\/\/www.hvgtrub.ch\/wp-content\/uploads\/2025\/12\/20251017_204101.jpg 800w, https:\/\/www.hvgtrub.ch\/wp-content\/uploads\/2025\/12\/20251017_204101-300x225.jpg 300w, https:\/\/www.hvgtrub.ch\/wp-content\/uploads\/2025\/12\/20251017_204101-768x576.jpg 768w\" sizes=\"(max-width: 800px) 100vw, 800px\" \/><\/figure>\n\n\n\n<h2 class=\"wp-block-heading\">GV BWB: Jubil\u00e4umsanlass 20 Jahre BWB<\/h2>\n\n\n\n<p>Auszug aus dem Program der General Versamlung im Restaurant B\u00fctschelegg 3088 Oberb\u00fctschel<\/p>\n\n\n\n<ul class=\"wp-block-list\">\n<li>Begr\u00fcssung &#8222;Jubil\u00e4umsanlass 20 Jahre BWB&#8220;<\/li>\n\n\n\n<li>Podium \u00fcber die Geschichte und Zukunft des BWB. Mit Herrmann Weyeneth, Werner Wyss, Erich v. Siebenthal, Stefan Fl\u00fcckiger, Philipp Egloff. Moderation Anja Leser<\/li>\n\n\n\n<li>Verdankungen durch Beat Zaugg<\/li>\n\n\n\n<li>Referat Direktor Holzindustrie Schweiz, Michael Gautschi<\/li>\n<\/ul>\n\n\n\n<figure class=\"wp-block-image size-full\"><img decoding=\"async\" width=\"800\" height=\"600\" src=\"https:\/\/www.hvgtrub.ch\/wp-content\/uploads\/2025\/10\/20251017_094238.jpg\" alt=\"\" class=\"wp-image-1050\" srcset=\"https:\/\/www.hvgtrub.ch\/wp-content\/uploads\/2025\/10\/20251017_094238.jpg 800w, https:\/\/www.hvgtrub.ch\/wp-content\/uploads\/2025\/10\/20251017_094238-300x225.jpg 300w, https:\/\/www.hvgtrub.ch\/wp-content\/uploads\/2025\/10\/20251017_094238-768x576.jpg 768w\" sizes=\"(max-width: 800px) 100vw, 800px\" \/><\/figure>\n\n\n\n<figure class=\"wp-block-image size-full\"><img loading=\"lazy\" decoding=\"async\" width=\"800\" height=\"600\" src=\"https:\/\/www.hvgtrub.ch\/wp-content\/uploads\/2025\/10\/20251017_103518.jpg\" alt=\"\" class=\"wp-image-1051\" srcset=\"https:\/\/www.hvgtrub.ch\/wp-content\/uploads\/2025\/10\/20251017_103518.jpg 800w, https:\/\/www.hvgtrub.ch\/wp-content\/uploads\/2025\/10\/20251017_103518-300x225.jpg 300w, https:\/\/www.hvgtrub.ch\/wp-content\/uploads\/2025\/10\/20251017_103518-768x576.jpg 768w\" sizes=\"(max-width: 800px) 100vw, 800px\" \/><\/figure>\n\n\n\n<h2 class=\"wp-block-heading\">Tage des Schweizer Holzes 2025<\/h2>\n\n\n\n<figure class=\"wp-block-image size-large\"><a href=\"https:\/\/tsh.lignumbe.ch\/2025\/06\/30\/holz-hautnah-erleben-vom-wald-bis-zum-fertigen-werk\/\"><img loading=\"lazy\" decoding=\"async\" width=\"1024\" height=\"726\" src=\"https:\/\/www.hvgtrub.ch\/wp-content\/uploads\/2025\/09\/tag-des-schweizer-holzes-2-1024x726.png\" alt=\"\" class=\"wp-image-1023\" srcset=\"https:\/\/www.hvgtrub.ch\/wp-content\/uploads\/2025\/09\/tag-des-schweizer-holzes-2-1024x726.png 1024w, https:\/\/www.hvgtrub.ch\/wp-content\/uploads\/2025\/09\/tag-des-schweizer-holzes-2-300x213.png 300w, https:\/\/www.hvgtrub.ch\/wp-content\/uploads\/2025\/09\/tag-des-schweizer-holzes-2-768x545.png 768w, https:\/\/www.hvgtrub.ch\/wp-content\/uploads\/2025\/09\/tag-des-schweizer-holzes-2-1536x1090.png 1536w, https:\/\/www.hvgtrub.ch\/wp-content\/uploads\/2025\/09\/tag-des-schweizer-holzes-2.png 1748w\" sizes=\"(max-width: 1024px) 100vw, 1024px\" \/><\/a><\/figure>\n\n\n\n<p>Im Herbst 2025 organisiert das Label Schweizer Holz eine nationale Veranstaltung: Die Tage des Schweizer Holzes 2025. Mehr erfahren: <a href=\"https:\/\/www.holz-bois-legno.ch\">https:\/\/www.holz-bois-legno.ch<\/a><\/p>\n\n\n\n<p>Aktion in Trub: <a href=\"https:\/\/tsh.lignumbe.ch\/2025\/06\/30\/holz-hautnah-erleben-vom-wald-bis-zum-fertigen-werk\/\">https:\/\/tsh.lignumbe.ch\/2025\/06\/30\/holz-hautnah-erleben-vom-wald-bis-zum-fertigen-werk\/<\/a><\/p>\n\n\n\n<figure class=\"wp-block-image size-large is-resized\"><img loading=\"lazy\" decoding=\"async\" width=\"1024\" height=\"326\" src=\"https:\/\/www.hvgtrub.ch\/wp-content\/uploads\/2025\/02\/SchweizerHolz_rot-1024x326.png\" alt=\"\" class=\"wp-image-1001\" style=\"width:307px;height:auto\" srcset=\"https:\/\/www.hvgtrub.ch\/wp-content\/uploads\/2025\/02\/SchweizerHolz_rot-1024x326.png 1024w, https:\/\/www.hvgtrub.ch\/wp-content\/uploads\/2025\/02\/SchweizerHolz_rot-300x95.png 300w, https:\/\/www.hvgtrub.ch\/wp-content\/uploads\/2025\/02\/SchweizerHolz_rot-768x244.png 768w, https:\/\/www.hvgtrub.ch\/wp-content\/uploads\/2025\/02\/SchweizerHolz_rot-1536x488.png 1536w, https:\/\/www.hvgtrub.ch\/wp-content\/uploads\/2025\/02\/SchweizerHolz_rot-2048x651.png 2048w, https:\/\/www.hvgtrub.ch\/wp-content\/uploads\/2025\/02\/SchweizerHolz_rot-2000x636.png 2000w\" sizes=\"(max-width: 1024px) 100vw, 1024px\" \/><\/figure>\n\n\n\n<h2 class=\"wp-block-heading\">Waldpflegekurs erfolgreich durchgef\u00fchrt<\/h2>\n\n\n\n<p>Am 2. April besuchten 25 Teilnehmer den von der HVG Trub-Trubschachen-Langnau organisierte Kurs \u00abAktive Waldverj\u00fcngung und effektive Wildschutzmassnahmen\u00bb. Der Truber Revierf\u00f6rster Andreas Schweizer leitete den Kurs und zeigte in einem ersten Teil, was es f\u00fcr unsere W\u00e4lder bedeutet, wenn die Klimaprognosen eintreffen und wie die Waldbesitzer darauf reagieren k\u00f6nnen, n\u00e4mlich mit Holzen!<br>Im Bachwald besuchten die Teilnehmer den Exoten-Lernpfad und bekamen durch Silas Gigon, Mitarbeiter der Waldabteilung, n\u00e4here Informationen zur Jungwaldpflege vor Ort.<br>Nach dem Mittagessen ging es f\u00fcr die Kursteilnehmer ans Pflanzen und Sch\u00fctzen diverser Baumarten. Im Neubruchh\u00fcttli fand sich nach einem Seilkranschlag im Winter viel offene Fl\u00e4che f\u00fcr Neupflanzungen. In verschiedenen Gruppen lernten die Teilnehmer korrektes Pflanzen und mit verschiedenen Hilfsmittel richtiges Sch\u00fctzen gegen den Wildverbiss. Dabei unterst\u00fctzen Samuel Zaugg und Peter Fankhauser den Revierf\u00f6rster und leiteten ebenfalls eine Gruppe.<br>Bei einem feinen Zvieri, offeriert von der Familie Zaugg, Oberstutz, konnten letzte Fragen gekl\u00e4rt werden und so fand der Kurs einen gem\u00fctlichen Abschluss.<br>Ein grosses Dankesch\u00f6n an Andreas Schweizer und seine Helfer f\u00fcr die Organisation und Durchf\u00fchrung dieses sehr interessanten und lernreichen Kurses.<\/p>\n\n\n\n<figure class=\"wp-block-gallery has-nested-images columns-default is-cropped wp-block-gallery-1 is-layout-flex wp-block-gallery-is-layout-flex\">\n<figure class=\"wp-block-image size-large\"><img loading=\"lazy\" decoding=\"async\" width=\"498\" height=\"1024\" data-id=\"973\" src=\"https:\/\/www.hvgtrub.ch\/wp-content\/uploads\/2024\/09\/IMG-20240417-WA0019-498x1024.jpg\" alt=\"\" class=\"wp-image-973\" srcset=\"https:\/\/www.hvgtrub.ch\/wp-content\/uploads\/2024\/09\/IMG-20240417-WA0019-498x1024.jpg 498w, https:\/\/www.hvgtrub.ch\/wp-content\/uploads\/2024\/09\/IMG-20240417-WA0019-146x300.jpg 146w, https:\/\/www.hvgtrub.ch\/wp-content\/uploads\/2024\/09\/IMG-20240417-WA0019-768x1580.jpg 768w, https:\/\/www.hvgtrub.ch\/wp-content\/uploads\/2024\/09\/IMG-20240417-WA0019-746x1536.jpg 746w, https:\/\/www.hvgtrub.ch\/wp-content\/uploads\/2024\/09\/IMG-20240417-WA0019.jpg 777w\" sizes=\"(max-width: 498px) 100vw, 498px\" \/><\/figure>\n\n\n\n<figure class=\"wp-block-image size-large\"><img loading=\"lazy\" decoding=\"async\" width=\"498\" height=\"1024\" data-id=\"968\" src=\"https:\/\/www.hvgtrub.ch\/wp-content\/uploads\/2024\/09\/IMG-20240417-WA0023-498x1024.jpg\" alt=\"\" class=\"wp-image-968\" srcset=\"https:\/\/www.hvgtrub.ch\/wp-content\/uploads\/2024\/09\/IMG-20240417-WA0023-498x1024.jpg 498w, https:\/\/www.hvgtrub.ch\/wp-content\/uploads\/2024\/09\/IMG-20240417-WA0023-146x300.jpg 146w, https:\/\/www.hvgtrub.ch\/wp-content\/uploads\/2024\/09\/IMG-20240417-WA0023-768x1580.jpg 768w, https:\/\/www.hvgtrub.ch\/wp-content\/uploads\/2024\/09\/IMG-20240417-WA0023-746x1536.jpg 746w, https:\/\/www.hvgtrub.ch\/wp-content\/uploads\/2024\/09\/IMG-20240417-WA0023.jpg 777w\" sizes=\"(max-width: 498px) 100vw, 498px\" \/><\/figure>\n\n\n\n<figure class=\"wp-block-image size-large\"><img loading=\"lazy\" decoding=\"async\" width=\"498\" height=\"1024\" data-id=\"969\" src=\"https:\/\/www.hvgtrub.ch\/wp-content\/uploads\/2024\/09\/IMG-20240417-WA0011-498x1024.jpg\" alt=\"\" class=\"wp-image-969\" srcset=\"https:\/\/www.hvgtrub.ch\/wp-content\/uploads\/2024\/09\/IMG-20240417-WA0011-498x1024.jpg 498w, https:\/\/www.hvgtrub.ch\/wp-content\/uploads\/2024\/09\/IMG-20240417-WA0011-146x300.jpg 146w, https:\/\/www.hvgtrub.ch\/wp-content\/uploads\/2024\/09\/IMG-20240417-WA0011-768x1580.jpg 768w, https:\/\/www.hvgtrub.ch\/wp-content\/uploads\/2024\/09\/IMG-20240417-WA0011-746x1536.jpg 746w, https:\/\/www.hvgtrub.ch\/wp-content\/uploads\/2024\/09\/IMG-20240417-WA0011.jpg 777w\" sizes=\"(max-width: 498px) 100vw, 498px\" \/><\/figure>\n\n\n\n<figure class=\"wp-block-image size-large\"><img loading=\"lazy\" decoding=\"async\" width=\"498\" height=\"1024\" data-id=\"970\" src=\"https:\/\/www.hvgtrub.ch\/wp-content\/uploads\/2024\/09\/IMG-20240417-WA0022-498x1024.jpg\" alt=\"\" class=\"wp-image-970\" srcset=\"https:\/\/www.hvgtrub.ch\/wp-content\/uploads\/2024\/09\/IMG-20240417-WA0022-498x1024.jpg 498w, https:\/\/www.hvgtrub.ch\/wp-content\/uploads\/2024\/09\/IMG-20240417-WA0022-146x300.jpg 146w, https:\/\/www.hvgtrub.ch\/wp-content\/uploads\/2024\/09\/IMG-20240417-WA0022-768x1580.jpg 768w, https:\/\/www.hvgtrub.ch\/wp-content\/uploads\/2024\/09\/IMG-20240417-WA0022-746x1536.jpg 746w, https:\/\/www.hvgtrub.ch\/wp-content\/uploads\/2024\/09\/IMG-20240417-WA0022.jpg 777w\" sizes=\"(max-width: 498px) 100vw, 498px\" \/><\/figure>\n\n\n\n<figure class=\"wp-block-image size-large\"><img loading=\"lazy\" decoding=\"async\" width=\"498\" height=\"1024\" data-id=\"967\" src=\"https:\/\/www.hvgtrub.ch\/wp-content\/uploads\/2024\/09\/IMG-20240417-WA0016-498x1024.jpg\" alt=\"\" class=\"wp-image-967\" srcset=\"https:\/\/www.hvgtrub.ch\/wp-content\/uploads\/2024\/09\/IMG-20240417-WA0016-498x1024.jpg 498w, https:\/\/www.hvgtrub.ch\/wp-content\/uploads\/2024\/09\/IMG-20240417-WA0016-146x300.jpg 146w, https:\/\/www.hvgtrub.ch\/wp-content\/uploads\/2024\/09\/IMG-20240417-WA0016-768x1580.jpg 768w, https:\/\/www.hvgtrub.ch\/wp-content\/uploads\/2024\/09\/IMG-20240417-WA0016-746x1536.jpg 746w, https:\/\/www.hvgtrub.ch\/wp-content\/uploads\/2024\/09\/IMG-20240417-WA0016.jpg 777w\" sizes=\"(max-width: 498px) 100vw, 498px\" \/><\/figure>\n<\/figure>\n\n\n\n<figure class=\"wp-block-gallery has-nested-images columns-1 is-cropped wp-block-gallery-2 is-layout-flex wp-block-gallery-is-layout-flex\">\n<figure class=\"wp-block-image size-full\"><img loading=\"lazy\" decoding=\"async\" width=\"1599\" height=\"777\" data-id=\"972\" src=\"https:\/\/www.hvgtrub.ch\/wp-content\/uploads\/2024\/09\/IMG-20240417-WA0003.jpg\" alt=\"\" class=\"wp-image-972\" srcset=\"https:\/\/www.hvgtrub.ch\/wp-content\/uploads\/2024\/09\/IMG-20240417-WA0003.jpg 1599w, https:\/\/www.hvgtrub.ch\/wp-content\/uploads\/2024\/09\/IMG-20240417-WA0003-300x146.jpg 300w, https:\/\/www.hvgtrub.ch\/wp-content\/uploads\/2024\/09\/IMG-20240417-WA0003-1024x498.jpg 1024w, https:\/\/www.hvgtrub.ch\/wp-content\/uploads\/2024\/09\/IMG-20240417-WA0003-768x373.jpg 768w, https:\/\/www.hvgtrub.ch\/wp-content\/uploads\/2024\/09\/IMG-20240417-WA0003-1536x746.jpg 1536w\" sizes=\"(max-width: 1599px) 100vw, 1599px\" \/><\/figure>\n\n\n\n<figure class=\"wp-block-image size-full\"><img loading=\"lazy\" decoding=\"async\" width=\"1599\" height=\"777\" data-id=\"971\" src=\"https:\/\/www.hvgtrub.ch\/wp-content\/uploads\/2024\/09\/IMG-20240417-WA0007.jpg\" alt=\"\" class=\"wp-image-971\" srcset=\"https:\/\/www.hvgtrub.ch\/wp-content\/uploads\/2024\/09\/IMG-20240417-WA0007.jpg 1599w, https:\/\/www.hvgtrub.ch\/wp-content\/uploads\/2024\/09\/IMG-20240417-WA0007-300x146.jpg 300w, https:\/\/www.hvgtrub.ch\/wp-content\/uploads\/2024\/09\/IMG-20240417-WA0007-1024x498.jpg 1024w, https:\/\/www.hvgtrub.ch\/wp-content\/uploads\/2024\/09\/IMG-20240417-WA0007-768x373.jpg 768w, https:\/\/www.hvgtrub.ch\/wp-content\/uploads\/2024\/09\/IMG-20240417-WA0007-1536x746.jpg 1536w\" sizes=\"(max-width: 1599px) 100vw, 1599px\" \/><\/figure>\n<\/figure>\n\n\n<div class=\"feedzy-ce638238a40355e6ad3cb3de5d4c6679 feedzy-rss\"><ul><li  style=\"padding: 15px 0 25px\" class=\"rss_item\"><div class=\"rss_image\" style=\"height:150px;width:150px;\"><a href=\"https:\/\/www.waldwissen.net\/de\/technik-und-planung\/waldinventur\/waldzustandserhebung-2025\" target=\"_blank\" rel=\" noopener\" title=\"Waldzustandserhebung 2025 zeigt: Schadniveau bleibt hoch\" style=\"height:150px;width:150px;\"><img decoding=\"async\" src=\"https:\/\/www.waldwissen.net\/assets\/_processed_\/3\/a\/csm_lwf_wze_2025_teaser_ddf992f36f.jpg\" title=\"Waldzustandserhebung 2025 zeigt: Schadniveau bleibt hoch\" style=\"height:150px;width:150px;\"><\/a><\/div><span class=\"title\"><a href=\"https:\/\/www.waldwissen.net\/de\/technik-und-planung\/waldinventur\/waldzustandserhebung-2025\" target=\"_blank\" rel=\" noopener\">Waldzustandserhebung 2025 zeigt: Schadniveau bleibt hoch<\/a><\/span><div class=\"rss_content\" style=\"\"><small>am April 29, 2026 <\/small><\/div><\/li><li  style=\"padding: 15px 0 25px\" class=\"rss_item\"><div class=\"rss_image\" style=\"height:150px;width:150px;\"><a href=\"https:\/\/www.waldwissen.net\/de\/lebensraum-wald\/forstcast-der-waldduerremonitor-fuer-bayerns-waelder\" target=\"_blank\" rel=\" noopener\" title=\"Forstcast \u2013 Der WaldD\u00fcrreMonitor f\u00fcr Bayerns W\u00e4lder\" style=\"height:150px;width:150px;\"><img decoding=\"async\" src=\"https:\/\/www.waldwissen.net\/assets\/_processed_\/4\/d\/csm_lwf_forstcast_waldduerremonitor_teaser_119a163de0.png\" title=\"Forstcast \u2013 Der WaldD\u00fcrreMonitor f\u00fcr Bayerns W\u00e4lder\" style=\"height:150px;width:150px;\"><\/a><\/div><span class=\"title\"><a href=\"https:\/\/www.waldwissen.net\/de\/lebensraum-wald\/forstcast-der-waldduerremonitor-fuer-bayerns-waelder\" target=\"_blank\" rel=\" noopener\">Forstcast \u2013 Der WaldD\u00fcrreMonitor f\u00fcr Bayerns W\u00e4lder<\/a><\/span><div class=\"rss_content\" style=\"\"><small>am April 28, 2026 <\/small><\/div><\/li><li  style=\"padding: 15px 0 25px\" class=\"rss_item\"><div class=\"rss_image\" style=\"height:150px;width:150px;\"><a href=\"https:\/\/www.waldwissen.net\/de\/lebensraum-wald\/naturschutz\/artenschutz\/artenhilfsprogramm-fuer-amphibien-im-wald\" target=\"_blank\" rel=\" noopener\" title=\"Artenhilfsprogramm f\u00fcr Amphibien im Wald\" style=\"height:150px;width:150px;\"><img decoding=\"async\" src=\"https:\/\/www.waldwissen.net\/assets\/_processed_\/1\/2\/csm_lwf_artenhilfsprogramm_amphibien_teaser_5f0eb32e39.jpeg\" title=\"Artenhilfsprogramm f\u00fcr Amphibien im Wald\" style=\"height:150px;width:150px;\"><\/a><\/div><span class=\"title\"><a href=\"https:\/\/www.waldwissen.net\/de\/lebensraum-wald\/naturschutz\/artenschutz\/artenhilfsprogramm-fuer-amphibien-im-wald\" target=\"_blank\" rel=\" noopener\">Artenhilfsprogramm f\u00fcr Amphibien im Wald<\/a><\/span><div class=\"rss_content\" style=\"\"><small>am April 23, 2026 <\/small><\/div><\/li><li  style=\"padding: 15px 0 25px\" class=\"rss_item\"><div class=\"rss_image\" style=\"height:150px;width:150px;\"><a href=\"https:\/\/www.waldwissen.net\/de\/waldwirtschaft\/betriebsfuehrung\/startklar-fuer-den-eigenen-wald\" target=\"_blank\" rel=\" noopener\" title=\"Startklar f\u00fcr den eigenen Wald - Neue Orientierungshilfe f\u00fcr Waldbesitzerinnen und Waldbesitzer in NRW\" style=\"height:150px;width:150px;\"><img decoding=\"async\" src=\"https:\/\/www.waldwissen.net\/files\/_processed_\/b\/a\/csm_startklar_wald_teaser_bd6ce0b0ad.jpg\" title=\"Startklar f\u00fcr den eigenen Wald - Neue Orientierungshilfe f\u00fcr Waldbesitzerinnen und Waldbesitzer in NRW\" style=\"height:150px;width:150px;\"><\/a><\/div><span class=\"title\"><a href=\"https:\/\/www.waldwissen.net\/de\/waldwirtschaft\/betriebsfuehrung\/startklar-fuer-den-eigenen-wald\" target=\"_blank\" rel=\" noopener\">Startklar f\u00fcr den eigenen Wald - Neue Orientierungshilfe f\u00fcr Waldbesitzerinnen und Waldbesitzer in NRW<\/a><\/span><div class=\"rss_content\" style=\"\"><small>am April 23, 2026 <\/small><\/div><\/li><li  style=\"padding: 15px 0 25px\" class=\"rss_item\"><div class=\"rss_image\" style=\"height:150px;width:150px;\"><a href=\"https:\/\/www.waldwissen.net\/de\/waldwirtschaft\/schadensmanagement\/aus-der-luft-erkannt-praezise-schaderfassung-in-laubwaeldern\" target=\"_blank\" rel=\" noopener\" title=\"Aus der Luft erkannt: Pr\u00e4zise Schaderfassung in Laubw\u00e4ldern\" style=\"height:150px;width:150px;\"><img decoding=\"async\" src=\"https:\/\/www.waldwissen.net\/assets\/_processed_\/7\/8\/csm_lwf_schaderfassung_laubwaelder_teaser_e190a18da7.jpg\" title=\"Aus der Luft erkannt: Pr\u00e4zise Schaderfassung in Laubw\u00e4ldern\" style=\"height:150px;width:150px;\"><\/a><\/div><span class=\"title\"><a href=\"https:\/\/www.waldwissen.net\/de\/waldwirtschaft\/schadensmanagement\/aus-der-luft-erkannt-praezise-schaderfassung-in-laubwaeldern\" target=\"_blank\" rel=\" noopener\">Aus der Luft erkannt: Pr\u00e4zise Schaderfassung in Laubw\u00e4ldern<\/a><\/span><div class=\"rss_content\" style=\"\"><small>am April 22, 2026 <\/small><\/div><\/li><\/ul> <\/div><style type=\"text\/css\" media=\"all\">.feedzy-rss .rss_item .rss_image{float:left;position:relative;border:none;text-decoration:none;max-width:100%}.feedzy-rss .rss_item .rss_image span{display:inline-block;position:absolute;width:100%;height:100%;background-position:50%;background-size:cover}.feedzy-rss .rss_item .rss_image{margin:.3em 1em 0 0;content-visibility:auto}.feedzy-rss ul{list-style:none}.feedzy-rss ul li{display:inline-block}<\/style>\n\n\n\n<h2 class=\"wp-block-heading\">Zukunftsweisendes Parkhaus aus Holz<\/h2>\n\n\n\n<p>Immer mehr Firmen setzen bei Neubauten auf Holz, um den \u00f6kologischen Fu\u00dfabdruck zu verringern. Denn B\u00e4ume binden CO2 im Holz. In Weng im Innkreis (Bezirk Braunau) wird derzeit ein Parkhaus mit zehn Ebenen aus Holz gebaut. Es wird eines der gr\u00f6\u00dften seiner Art in Europa sein.<\/p>\n\n\n\n<p>Mehr unter: <a href=\"https:\/\/ooe.orf.at\/stories\/3251542\/\" target=\"_blank\" rel=\"noreferrer noopener\">https:\/\/ooe.orf.at\/stories\/3251542\/<\/a><\/p>\n\n\n\n<h2 class=\"wp-block-heading\">CO2-Zertifikate vom Wald: Naturschutz oder Scheinl\u00f6sung?<\/h2>\n\n\n\n<p>27. November 2022<br>Die Luzerner Waldbesitzerinnen und -besitzer verkaufen CO2-Zertifikate. Eine L\u00f6sung im Kampf gegen den Klimawandel sei dies nicht, so Pro Natura.<br>Mehr unter: <a href=\"https:\/\/www.srf.ch\/news\/schweiz\/neues-programm-co2-zertifikate-vom-wald-naturschutz-oder-scheinloesung\" target=\"_blank\" rel=\"noreferrer noopener\">https:\/\/www.srf.ch\/news\/schweiz\/neues-programm-co2-zertifikate-vom-wald-naturschutz-oder-scheinloesung<\/a><\/p>\n\n\n\n<h2 class=\"wp-block-heading\">Vier innovative Projekte im Umgang mit der Klimaver\u00e4nderung im Wald pr\u00e4miert<\/h2>\n\n\n\n<p>11. November 2022<br>Das Amt f\u00fcr Wald und Naturgefahren des Kantons Bern (AWN) unterst\u00fctzt vier Projekte f\u00fcr den klimafitten Wald der Zukunft. Die innovativen Konzepte erhalten im Rahmen des erstmals organisierten Innovationswettbewerbs \u00abIdeenpool KliWa\u00bb ein Preisgeld von bis zu 50 000 Franken sowie eine Beteiligung an den Umsetzungskosten. <br>Mehr unter: <a href=\"https:\/\/www.weu.be.ch\/de\/start\/themen\/umwelt\/wald.html?newsID=fa39476f-532a-49c8-9c56-29e0e472ed3a\">www.weu.be.ch<\/a><\/p>\n\n\n\n<h2 class=\"wp-block-heading\" id=\"so-lasst-sich-der-waldbau-starken\">So l\u00e4sst sich der Waldbau st\u00e4rken<\/h2>\n\n\n\n<p>14. Februar 2022<br>Dies sind die F\u00f6rderung der Biodiversit\u00e4t, St\u00e4rkung der Schutzwirkung, Erh\u00f6hung des Erholungswertes, Optimierung der Klimaschutzwirkung und Sicherstellung der Holzversorgung. Gelingen kann dies vor allem, indem die W\u00e4lder verj\u00fcngt und Jungw\u00e4lder nutzenorientiert aufgebaut werden.<br>Mehr unter: <a href=\"https:\/\/www.schweizerbauer.ch\/pflanzen\/wald\/so-laesst-sich-der-waldbau-staerken\/\">www.schweizerbauer.ch<\/a><\/p>\n\n\n\n<h2 class=\"wp-block-heading\" id=\"so-wird-das-holzerkurs-obligatorium-umgesetzt\">So wird das Holzerkurs-Obligatorium umgesetzt<\/h2>\n\n\n\n<p>10. Februar 2022<br>Wer k\u00fcnftig Holzerntearbeiten f\u00fcr Dritte erledigen will, muss die zwei obligatorischen Holzerkurse besucht haben. Ausnahmen gibt es teilweise f\u00fcr Personen, die bereits viel praktische Erfahrung mit Holzereiarbeiten gesammelt haben. Die Gleichwertigkeitsanerkennung wird jedoch je nach Kanton unterschiedlich gehandhabt. Die BauernZeitung hat bei den Deutschschweizer Kantonen nachgefragt, wie sie das Obligatorium handhaben.<br>Mehr unter: <a href=\"https:\/\/www.bauernzeitung.ch\/artikel\/landtechnik\/so-wird-das-holzerkurs-obligatorium-umgesetzt-400714\">www.bauernzeitung.ch<\/a><\/p>\n\n\n\n<h2 class=\"wp-block-heading\" id=\"reh-hirsch-und-gamse-gefahrden-die-artenvielfalt-im-berner-wald\">Reh, Hirsch und G\u00e4mse gef\u00e4hrden die Artenvielfalt im Berner Wald<\/h2>\n\n\n\n<p>25. Januar 2022<br>\u00dcberh\u00f6hte Wildbest\u00e4nde verhindern in grossen Teilen des Kantons, dass klimataugliche Jungb\u00e4ume aufwachsen k\u00f6nnen. Das neue Wildschadengutachten des Kantons Bern untersch\u00e4tzt die Wildschadensituation massiv. Um die Waldleistungen f\u00fcr zuk\u00fcnftige Generationen zu sichern, m\u00fcssen die Wildtierbest\u00e4nde auf ein waldvertr\u00e4gliches Mass reduziert werden.<br>Mehr unter: <a rel=\"noreferrer noopener\" href=\"https:\/\/www.bwb-pfb.ch\/2022\/01\/25\/reh-hirsch-und-g%C3%A4mse-gef%C3%A4hrden-die-artenvielfalt-im-berner-wald\/\" target=\"_blank\">www.bwb-pfb.ch<\/a><\/p>\n\n\n\n<hr class=\"wp-block-separator has-css-opacity\"\/>\n\n\n\n<h2 class=\"wp-block-heading\" id=\"wald-im-klimawandel-neue-ideen-gesucht\">Wald im Klimawandel: Neue Ideen gesucht!<\/h2>\n\n\n\n<p>04. November 2021<br>Wer in den vergangenen Jahren im Wald unterwegs war, hatte h\u00e4ufiger&nbsp;trockene Buchen und vom Borkenk\u00e4fer befallene Fichten und Tannen&nbsp;vor Augen. Die Auswirkungen des Klimwandels sind im Wald deutlich sp\u00fcrbar und stellen die Waldbesitzenden vor grosse Herausforderungen.&nbsp;Wie soll man mit wachsenden Risiken&nbsp;umgehen, wie kann man seine Bewirtschaftungsziele trotz oder gerade durch die Ver\u00e4nderungen erreichen? Hier sind innovativen Ideen gefragt.&nbsp;<\/p>\n\n\n\n<p>Das Amt f\u00fcr Wald und Naturgefahren des Kantons Bern (AWN) und der Verband der Berner Waldbesitzer sind vom Ideenreichtum der Berner Waldwirtschaft \u00fcberzeugt. Mit dem&nbsp;Innovationswettbewerb&nbsp;\u00abIdeenpool KliWa\u00bb&nbsp;m\u00f6chte das AWN dieses&nbsp;Potenzial nun nutzen und die Waldbesitzerinnen und Waldbesitzer im Umgang mit der Klimaver\u00e4nderung im Wald unterst\u00fctzen.<\/p>\n\n\n\n<p>Im Rahmen des \u00abIdeenpool KliWa\u00bb k\u00f6nnen Tr\u00e4gerschaften \u2013 also unter anderem Waldbesitzerinnen und Waldbesitzer oder deren Betriebe \u2013 profitieren. Sie k\u00f6nnen Konzepte zu eigenen L\u00f6sungsans\u00e4tzen und Ideen erarbeiten, die der Waldbesitzerzielsetzung entsprechen und zudem praxisnah und lokal umsetzbar sind.<\/p>\n\n\n\n<p>Haben&nbsp;Sie ein spannendes Konzept, um Ihren Wald klimafit zu machen? Dann packen Sie die M\u00f6glichkeit und informieren Sie sich noch heute \u00fcber den Innovationswettbewerb:&nbsp;&nbsp;<a href=\"https:\/\/www.ideenpool-kliwa.sites.be.ch\/de\/start.html\">www.be.ch\/ideenpool-kliwa<\/a><\/p>\n\n\n\n<hr class=\"wp-block-separator has-css-opacity\"\/>\n\n\n\n<h1 class=\"wp-block-heading\" id=\"neubau-turnhalle-trub\">Neubau Turnhalle Trub<\/h1>\n\n\n\n<p>F\u00fcr den Neubau der Turnhalle in Trub \u00fcbernahm die HVG TTL die Rundholzlogistik und Abrechnung. Damit das ben\u00f6tigte Sortiment zur richtigen Zeit am richtigen Ort ist.<\/p>\n\n\n\n<figure class=\"wp-block-image size-full\"><img loading=\"lazy\" decoding=\"async\" width=\"809\" height=\"607\" src=\"https:\/\/www.hvg-ttl.ch\/wp-content\/uploads\/2022\/02\/TH_A_008.jpg\" alt=\"\" class=\"wp-image-748\" srcset=\"https:\/\/www.hvgtrub.ch\/wp-content\/uploads\/2022\/02\/TH_A_008.jpg 809w, https:\/\/www.hvgtrub.ch\/wp-content\/uploads\/2022\/02\/TH_A_008-300x225.jpg 300w, https:\/\/www.hvgtrub.ch\/wp-content\/uploads\/2022\/02\/TH_A_008-768x576.jpg 768w\" sizes=\"(max-width: 809px) 100vw, 809px\" \/><figcaption class=\"wp-element-caption\">Quelle: <a href=\"https:\/\/www.ig-truberwald.ch\/\" data-type=\"URL\" data-id=\"https:\/\/www.ig-truberwald.ch\/\">https:\/\/www.ig-truberwald.ch\/<\/a><\/figcaption><\/figure>\n\n\n\n<h1 class=\"wp-block-heading\" id=\"aufbau-der-truberholz-halle\">Aufbau der Truberholz-Halle<\/h1>\n\n\n\n<p>Wertsch\u00f6pfung in der Region oberes Emmental:<\/p>\n\n\n\n<ul class=\"wp-block-list\">\n<li>600 fm Rundholz K\u00e4ferholz aus unseren Einsatzgebiet<\/li>\n\n\n\n<li>Total 2000 fm Rundholz aus der Region<\/li>\n\n\n\n<li>Gr\u00f6sse 78m x 30m<\/li>\n<\/ul>\n\n\n\n<figure class=\"wp-block-gallery has-nested-images columns-default is-cropped wp-block-gallery-3 is-layout-flex wp-block-gallery-is-layout-flex\">\n<figure class=\"wp-block-image size-full\"><a href=\"https:\/\/www.hvg-ttl.ch\/wp-content\/uploads\/2022\/01\/truberholz_halle_1.jpg\"><img loading=\"lazy\" decoding=\"async\" width=\"2048\" height=\"1152\" data-id=\"386\" src=\"https:\/\/www.hvg-ttl.ch\/wp-content\/uploads\/2022\/01\/truberholz_halle_1.jpg\" alt=\"\" class=\"wp-image-386\" srcset=\"https:\/\/www.hvgtrub.ch\/wp-content\/uploads\/2022\/01\/truberholz_halle_1.jpg 2048w, https:\/\/www.hvgtrub.ch\/wp-content\/uploads\/2022\/01\/truberholz_halle_1-300x169.jpg 300w, https:\/\/www.hvgtrub.ch\/wp-content\/uploads\/2022\/01\/truberholz_halle_1-1024x576.jpg 1024w, https:\/\/www.hvgtrub.ch\/wp-content\/uploads\/2022\/01\/truberholz_halle_1-768x432.jpg 768w, https:\/\/www.hvgtrub.ch\/wp-content\/uploads\/2022\/01\/truberholz_halle_1-1536x864.jpg 1536w, https:\/\/www.hvgtrub.ch\/wp-content\/uploads\/2022\/01\/truberholz_halle_1-2000x1125.jpg 2000w\" sizes=\"(max-width: 2048px) 100vw, 2048px\" \/><\/a><\/figure>\n\n\n\n<figure class=\"wp-block-image size-full\"><a href=\"https:\/\/www.hvg-ttl.ch\/wp-content\/uploads\/2022\/01\/truberholz_halle_2.jpg\"><img loading=\"lazy\" decoding=\"async\" width=\"2048\" height=\"1152\" data-id=\"387\" src=\"https:\/\/www.hvg-ttl.ch\/wp-content\/uploads\/2022\/01\/truberholz_halle_2.jpg\" alt=\"\" class=\"wp-image-387\" srcset=\"https:\/\/www.hvgtrub.ch\/wp-content\/uploads\/2022\/01\/truberholz_halle_2.jpg 2048w, https:\/\/www.hvgtrub.ch\/wp-content\/uploads\/2022\/01\/truberholz_halle_2-300x169.jpg 300w, https:\/\/www.hvgtrub.ch\/wp-content\/uploads\/2022\/01\/truberholz_halle_2-1024x576.jpg 1024w, https:\/\/www.hvgtrub.ch\/wp-content\/uploads\/2022\/01\/truberholz_halle_2-768x432.jpg 768w, https:\/\/www.hvgtrub.ch\/wp-content\/uploads\/2022\/01\/truberholz_halle_2-1536x864.jpg 1536w, https:\/\/www.hvgtrub.ch\/wp-content\/uploads\/2022\/01\/truberholz_halle_2-2000x1125.jpg 2000w\" sizes=\"(max-width: 2048px) 100vw, 2048px\" \/><\/a><\/figure>\n\n\n\n<figure class=\"wp-block-image size-full\"><a href=\"https:\/\/www.hvg-ttl.ch\/wp-content\/uploads\/2022\/01\/truberholz_halle_3.jpg\"><img loading=\"lazy\" decoding=\"async\" width=\"2048\" height=\"1152\" data-id=\"388\" src=\"https:\/\/www.hvg-ttl.ch\/wp-content\/uploads\/2022\/01\/truberholz_halle_3.jpg\" alt=\"\" class=\"wp-image-388\" srcset=\"https:\/\/www.hvgtrub.ch\/wp-content\/uploads\/2022\/01\/truberholz_halle_3.jpg 2048w, https:\/\/www.hvgtrub.ch\/wp-content\/uploads\/2022\/01\/truberholz_halle_3-300x169.jpg 300w, https:\/\/www.hvgtrub.ch\/wp-content\/uploads\/2022\/01\/truberholz_halle_3-1024x576.jpg 1024w, https:\/\/www.hvgtrub.ch\/wp-content\/uploads\/2022\/01\/truberholz_halle_3-768x432.jpg 768w, https:\/\/www.hvgtrub.ch\/wp-content\/uploads\/2022\/01\/truberholz_halle_3-1536x864.jpg 1536w, https:\/\/www.hvgtrub.ch\/wp-content\/uploads\/2022\/01\/truberholz_halle_3-2000x1125.jpg 2000w\" sizes=\"(max-width: 2048px) 100vw, 2048px\" \/><\/a><\/figure>\n\n\n\n<figure class=\"wp-block-image size-full\"><a href=\"https:\/\/www.hvg-ttl.ch\/wp-content\/uploads\/2022\/01\/truberholz_halle_4.jpg\"><img loading=\"lazy\" decoding=\"async\" width=\"1152\" height=\"2048\" data-id=\"389\" src=\"https:\/\/www.hvg-ttl.ch\/wp-content\/uploads\/2022\/01\/truberholz_halle_4.jpg\" alt=\"\" class=\"wp-image-389\" srcset=\"https:\/\/www.hvgtrub.ch\/wp-content\/uploads\/2022\/01\/truberholz_halle_4.jpg 1152w, https:\/\/www.hvgtrub.ch\/wp-content\/uploads\/2022\/01\/truberholz_halle_4-169x300.jpg 169w, https:\/\/www.hvgtrub.ch\/wp-content\/uploads\/2022\/01\/truberholz_halle_4-576x1024.jpg 576w, https:\/\/www.hvgtrub.ch\/wp-content\/uploads\/2022\/01\/truberholz_halle_4-768x1365.jpg 768w, https:\/\/www.hvgtrub.ch\/wp-content\/uploads\/2022\/01\/truberholz_halle_4-864x1536.jpg 864w\" sizes=\"(max-width: 1152px) 100vw, 1152px\" \/><\/a><\/figure>\n\n\n\n<figure class=\"wp-block-image size-full\"><a href=\"https:\/\/www.hvg-ttl.ch\/wp-content\/uploads\/2022\/01\/truberholz_halle_5.jpg\"><img loading=\"lazy\" decoding=\"async\" width=\"1536\" height=\"2048\" data-id=\"390\" src=\"https:\/\/www.hvg-ttl.ch\/wp-content\/uploads\/2022\/01\/truberholz_halle_5.jpg\" alt=\"\" class=\"wp-image-390\" srcset=\"https:\/\/www.hvgtrub.ch\/wp-content\/uploads\/2022\/01\/truberholz_halle_5.jpg 1536w, https:\/\/www.hvgtrub.ch\/wp-content\/uploads\/2022\/01\/truberholz_halle_5-225x300.jpg 225w, https:\/\/www.hvgtrub.ch\/wp-content\/uploads\/2022\/01\/truberholz_halle_5-768x1024.jpg 768w, https:\/\/www.hvgtrub.ch\/wp-content\/uploads\/2022\/01\/truberholz_halle_5-1152x1536.jpg 1152w\" sizes=\"(max-width: 1536px) 100vw, 1536px\" \/><\/a><\/figure>\n\n\n\n<figure class=\"wp-block-image size-full\"><a href=\"https:\/\/www.hvg-ttl.ch\/wp-content\/uploads\/2022\/01\/truberholz_halle_6.jpg\"><img loading=\"lazy\" decoding=\"async\" width=\"2048\" height=\"1536\" data-id=\"391\" src=\"https:\/\/www.hvg-ttl.ch\/wp-content\/uploads\/2022\/01\/truberholz_halle_6.jpg\" alt=\"\" class=\"wp-image-391\" srcset=\"https:\/\/www.hvgtrub.ch\/wp-content\/uploads\/2022\/01\/truberholz_halle_6.jpg 2048w, https:\/\/www.hvgtrub.ch\/wp-content\/uploads\/2022\/01\/truberholz_halle_6-300x225.jpg 300w, https:\/\/www.hvgtrub.ch\/wp-content\/uploads\/2022\/01\/truberholz_halle_6-1024x768.jpg 1024w, https:\/\/www.hvgtrub.ch\/wp-content\/uploads\/2022\/01\/truberholz_halle_6-768x576.jpg 768w, https:\/\/www.hvgtrub.ch\/wp-content\/uploads\/2022\/01\/truberholz_halle_6-1536x1152.jpg 1536w, https:\/\/www.hvgtrub.ch\/wp-content\/uploads\/2022\/01\/truberholz_halle_6-2000x1500.jpg 2000w\" sizes=\"(max-width: 2048px) 100vw, 2048px\" \/><\/a><\/figure>\n\n\n\n<figure class=\"wp-block-image size-full\"><a href=\"https:\/\/www.hvg-ttl.ch\/wp-content\/uploads\/2022\/01\/truberholz_halle_7.jpg\"><img loading=\"lazy\" decoding=\"async\" width=\"1536\" height=\"2048\" data-id=\"392\" src=\"https:\/\/www.hvg-ttl.ch\/wp-content\/uploads\/2022\/01\/truberholz_halle_7.jpg\" alt=\"\" class=\"wp-image-392\" srcset=\"https:\/\/www.hvgtrub.ch\/wp-content\/uploads\/2022\/01\/truberholz_halle_7.jpg 1536w, https:\/\/www.hvgtrub.ch\/wp-content\/uploads\/2022\/01\/truberholz_halle_7-225x300.jpg 225w, https:\/\/www.hvgtrub.ch\/wp-content\/uploads\/2022\/01\/truberholz_halle_7-768x1024.jpg 768w, https:\/\/www.hvgtrub.ch\/wp-content\/uploads\/2022\/01\/truberholz_halle_7-1152x1536.jpg 1152w\" sizes=\"(max-width: 1536px) 100vw, 1536px\" \/><\/a><\/figure>\n\n\n\n<figure class=\"wp-block-image size-full\"><a href=\"https:\/\/www.hvg-ttl.ch\/wp-content\/uploads\/2022\/01\/truberholz_halle_8.jpg\"><img loading=\"lazy\" decoding=\"async\" width=\"2048\" height=\"1536\" data-id=\"393\" src=\"https:\/\/www.hvg-ttl.ch\/wp-content\/uploads\/2022\/01\/truberholz_halle_8.jpg\" alt=\"\" class=\"wp-image-393\" srcset=\"https:\/\/www.hvgtrub.ch\/wp-content\/uploads\/2022\/01\/truberholz_halle_8.jpg 2048w, https:\/\/www.hvgtrub.ch\/wp-content\/uploads\/2022\/01\/truberholz_halle_8-300x225.jpg 300w, https:\/\/www.hvgtrub.ch\/wp-content\/uploads\/2022\/01\/truberholz_halle_8-1024x768.jpg 1024w, https:\/\/www.hvgtrub.ch\/wp-content\/uploads\/2022\/01\/truberholz_halle_8-768x576.jpg 768w, https:\/\/www.hvgtrub.ch\/wp-content\/uploads\/2022\/01\/truberholz_halle_8-1536x1152.jpg 1536w, https:\/\/www.hvgtrub.ch\/wp-content\/uploads\/2022\/01\/truberholz_halle_8-2000x1500.jpg 2000w\" sizes=\"(max-width: 2048px) 100vw, 2048px\" \/><\/a><\/figure>\n\n\n\n<figure class=\"wp-block-image size-full\"><a href=\"https:\/\/www.hvg-ttl.ch\/wp-content\/uploads\/2022\/01\/truberholz_halle_9.jpg\"><img loading=\"lazy\" decoding=\"async\" width=\"1536\" height=\"2048\" data-id=\"394\" src=\"https:\/\/www.hvg-ttl.ch\/wp-content\/uploads\/2022\/01\/truberholz_halle_9.jpg\" alt=\"\" class=\"wp-image-394\" srcset=\"https:\/\/www.hvgtrub.ch\/wp-content\/uploads\/2022\/01\/truberholz_halle_9.jpg 1536w, https:\/\/www.hvgtrub.ch\/wp-content\/uploads\/2022\/01\/truberholz_halle_9-225x300.jpg 225w, https:\/\/www.hvgtrub.ch\/wp-content\/uploads\/2022\/01\/truberholz_halle_9-768x1024.jpg 768w, https:\/\/www.hvgtrub.ch\/wp-content\/uploads\/2022\/01\/truberholz_halle_9-1152x1536.jpg 1152w\" sizes=\"(max-width: 1536px) 100vw, 1536px\" \/><\/a><\/figure>\n\n\n\n<figure class=\"wp-block-image size-full\"><a href=\"https:\/\/www.hvg-ttl.ch\/wp-content\/uploads\/2022\/01\/truberholz_halle_10.jpg\"><img loading=\"lazy\" decoding=\"async\" width=\"1536\" height=\"2048\" data-id=\"395\" src=\"https:\/\/www.hvg-ttl.ch\/wp-content\/uploads\/2022\/01\/truberholz_halle_10.jpg\" alt=\"\" class=\"wp-image-395\" srcset=\"https:\/\/www.hvgtrub.ch\/wp-content\/uploads\/2022\/01\/truberholz_halle_10.jpg 1536w, https:\/\/www.hvgtrub.ch\/wp-content\/uploads\/2022\/01\/truberholz_halle_10-225x300.jpg 225w, https:\/\/www.hvgtrub.ch\/wp-content\/uploads\/2022\/01\/truberholz_halle_10-768x1024.jpg 768w, https:\/\/www.hvgtrub.ch\/wp-content\/uploads\/2022\/01\/truberholz_halle_10-1152x1536.jpg 1152w\" sizes=\"(max-width: 1536px) 100vw, 1536px\" \/><\/a><\/figure>\n\n\n\n<figure class=\"wp-block-image size-full\"><a href=\"https:\/\/www.hvg-ttl.ch\/wp-content\/uploads\/2022\/01\/truberholz_halle_11.jpg\"><img loading=\"lazy\" decoding=\"async\" width=\"2048\" height=\"1152\" data-id=\"396\" src=\"https:\/\/www.hvg-ttl.ch\/wp-content\/uploads\/2022\/01\/truberholz_halle_11.jpg\" alt=\"\" class=\"wp-image-396\" srcset=\"https:\/\/www.hvgtrub.ch\/wp-content\/uploads\/2022\/01\/truberholz_halle_11.jpg 2048w, https:\/\/www.hvgtrub.ch\/wp-content\/uploads\/2022\/01\/truberholz_halle_11-300x169.jpg 300w, https:\/\/www.hvgtrub.ch\/wp-content\/uploads\/2022\/01\/truberholz_halle_11-1024x576.jpg 1024w, https:\/\/www.hvgtrub.ch\/wp-content\/uploads\/2022\/01\/truberholz_halle_11-768x432.jpg 768w, https:\/\/www.hvgtrub.ch\/wp-content\/uploads\/2022\/01\/truberholz_halle_11-1536x864.jpg 1536w, https:\/\/www.hvgtrub.ch\/wp-content\/uploads\/2022\/01\/truberholz_halle_11-2000x1125.jpg 2000w\" sizes=\"(max-width: 2048px) 100vw, 2048px\" \/><\/a><\/figure>\n\n\n\n<figure class=\"wp-block-image size-full\"><a href=\"https:\/\/www.hvg-ttl.ch\/wp-content\/uploads\/2022\/01\/truberholz_halle_12.jpg\"><img loading=\"lazy\" decoding=\"async\" width=\"2048\" height=\"1152\" data-id=\"397\" src=\"https:\/\/www.hvg-ttl.ch\/wp-content\/uploads\/2022\/01\/truberholz_halle_12.jpg\" alt=\"\" class=\"wp-image-397\" srcset=\"https:\/\/www.hvgtrub.ch\/wp-content\/uploads\/2022\/01\/truberholz_halle_12.jpg 2048w, https:\/\/www.hvgtrub.ch\/wp-content\/uploads\/2022\/01\/truberholz_halle_12-300x169.jpg 300w, https:\/\/www.hvgtrub.ch\/wp-content\/uploads\/2022\/01\/truberholz_halle_12-1024x576.jpg 1024w, https:\/\/www.hvgtrub.ch\/wp-content\/uploads\/2022\/01\/truberholz_halle_12-768x432.jpg 768w, https:\/\/www.hvgtrub.ch\/wp-content\/uploads\/2022\/01\/truberholz_halle_12-1536x864.jpg 1536w, https:\/\/www.hvgtrub.ch\/wp-content\/uploads\/2022\/01\/truberholz_halle_12-2000x1125.jpg 2000w\" sizes=\"(max-width: 2048px) 100vw, 2048px\" \/><\/a><\/figure>\n\n\n\n<figure class=\"wp-block-image size-full\"><a href=\"https:\/\/www.hvg-ttl.ch\/wp-content\/uploads\/2022\/01\/truberholz_halle_13.jpg\"><img loading=\"lazy\" decoding=\"async\" width=\"2016\" height=\"1134\" data-id=\"398\" src=\"https:\/\/www.hvg-ttl.ch\/wp-content\/uploads\/2022\/01\/truberholz_halle_13.jpg\" alt=\"\" class=\"wp-image-398\" srcset=\"https:\/\/www.hvgtrub.ch\/wp-content\/uploads\/2022\/01\/truberholz_halle_13.jpg 2016w, https:\/\/www.hvgtrub.ch\/wp-content\/uploads\/2022\/01\/truberholz_halle_13-300x169.jpg 300w, https:\/\/www.hvgtrub.ch\/wp-content\/uploads\/2022\/01\/truberholz_halle_13-1024x576.jpg 1024w, https:\/\/www.hvgtrub.ch\/wp-content\/uploads\/2022\/01\/truberholz_halle_13-768x432.jpg 768w, https:\/\/www.hvgtrub.ch\/wp-content\/uploads\/2022\/01\/truberholz_halle_13-1536x864.jpg 1536w, https:\/\/www.hvgtrub.ch\/wp-content\/uploads\/2022\/01\/truberholz_halle_13-2000x1125.jpg 2000w\" sizes=\"(max-width: 2016px) 100vw, 2016px\" \/><\/a><\/figure>\n\n\n\n<figure class=\"wp-block-image size-full\"><a href=\"https:\/\/www.hvg-ttl.ch\/wp-content\/uploads\/2022\/01\/truberholz_halle_14.jpg\"><img loading=\"lazy\" decoding=\"async\" width=\"2016\" height=\"1134\" data-id=\"399\" src=\"https:\/\/www.hvg-ttl.ch\/wp-content\/uploads\/2022\/01\/truberholz_halle_14.jpg\" alt=\"\" class=\"wp-image-399\" srcset=\"https:\/\/www.hvgtrub.ch\/wp-content\/uploads\/2022\/01\/truberholz_halle_14.jpg 2016w, https:\/\/www.hvgtrub.ch\/wp-content\/uploads\/2022\/01\/truberholz_halle_14-300x169.jpg 300w, https:\/\/www.hvgtrub.ch\/wp-content\/uploads\/2022\/01\/truberholz_halle_14-1024x576.jpg 1024w, https:\/\/www.hvgtrub.ch\/wp-content\/uploads\/2022\/01\/truberholz_halle_14-768x432.jpg 768w, https:\/\/www.hvgtrub.ch\/wp-content\/uploads\/2022\/01\/truberholz_halle_14-1536x864.jpg 1536w, https:\/\/www.hvgtrub.ch\/wp-content\/uploads\/2022\/01\/truberholz_halle_14-2000x1125.jpg 2000w\" sizes=\"(max-width: 2016px) 100vw, 2016px\" \/><\/a><\/figure>\n\n\n\n<figure class=\"wp-block-image size-full\"><a href=\"https:\/\/www.hvg-ttl.ch\/wp-content\/uploads\/2022\/01\/truberholz_halle_15.jpg\"><img loading=\"lazy\" decoding=\"async\" width=\"2016\" height=\"1134\" data-id=\"400\" src=\"https:\/\/www.hvg-ttl.ch\/wp-content\/uploads\/2022\/01\/truberholz_halle_15.jpg\" alt=\"\" class=\"wp-image-400\" srcset=\"https:\/\/www.hvgtrub.ch\/wp-content\/uploads\/2022\/01\/truberholz_halle_15.jpg 2016w, https:\/\/www.hvgtrub.ch\/wp-content\/uploads\/2022\/01\/truberholz_halle_15-300x169.jpg 300w, https:\/\/www.hvgtrub.ch\/wp-content\/uploads\/2022\/01\/truberholz_halle_15-1024x576.jpg 1024w, https:\/\/www.hvgtrub.ch\/wp-content\/uploads\/2022\/01\/truberholz_halle_15-768x432.jpg 768w, https:\/\/www.hvgtrub.ch\/wp-content\/uploads\/2022\/01\/truberholz_halle_15-1536x864.jpg 1536w, https:\/\/www.hvgtrub.ch\/wp-content\/uploads\/2022\/01\/truberholz_halle_15-2000x1125.jpg 2000w\" sizes=\"(max-width: 2016px) 100vw, 2016px\" \/><\/a><\/figure>\n\n\n\n<figure class=\"wp-block-image size-full\"><a href=\"https:\/\/www.hvg-ttl.ch\/wp-content\/uploads\/2022\/01\/truberholz_halle_16.jpg\"><img loading=\"lazy\" decoding=\"async\" width=\"2016\" height=\"1134\" data-id=\"401\" src=\"https:\/\/www.hvg-ttl.ch\/wp-content\/uploads\/2022\/01\/truberholz_halle_16.jpg\" alt=\"\" class=\"wp-image-401\" srcset=\"https:\/\/www.hvgtrub.ch\/wp-content\/uploads\/2022\/01\/truberholz_halle_16.jpg 2016w, https:\/\/www.hvgtrub.ch\/wp-content\/uploads\/2022\/01\/truberholz_halle_16-300x169.jpg 300w, https:\/\/www.hvgtrub.ch\/wp-content\/uploads\/2022\/01\/truberholz_halle_16-1024x576.jpg 1024w, https:\/\/www.hvgtrub.ch\/wp-content\/uploads\/2022\/01\/truberholz_halle_16-768x432.jpg 768w, https:\/\/www.hvgtrub.ch\/wp-content\/uploads\/2022\/01\/truberholz_halle_16-1536x864.jpg 1536w, https:\/\/www.hvgtrub.ch\/wp-content\/uploads\/2022\/01\/truberholz_halle_16-2000x1125.jpg 2000w\" sizes=\"(max-width: 2016px) 100vw, 2016px\" \/><\/a><\/figure>\n<\/figure>\n\n\n\n<p><\/p>\n","protected":false},"excerpt":{"rendered":"<p>Der Weg des Holzes Einen Beitrag von neo1: https:\/\/www.neo1.ch\/artikel\/der-weg-des-holzes Informationsveranstaltung 17.10.2025 Am 17. Oktober 2025 fand in der Truberholzhalle der Zimmerei Hirschi AG derallj\u00e4hrliche Informationsabend der HVG Trub, Trubschachen und Langnau statt.Zahlreiche Mitglieder und Interessierte versammelten sich, um sich \u00fcberaktuelle Themen rund um den Wald und die Wildpolitik im Kanton Bern zuinformieren. Einblicke in die &hellip; <\/p>\n<p class=\"link-more\"><a href=\"https:\/\/www.hvgtrub.ch\/?page_id=90\" class=\"more-link\">Mehr <span class=\"screen-reader-text\">\u00fcber &#8222;News&#8220; <\/span>Lesen<\/a><\/p>\n","protected":false},"author":1,"featured_media":424,"parent":0,"menu_order":0,"comment_status":"closed","ping_status":"closed","template":"","meta":{"footnotes":""},"class_list":["post-90","page","type-page","status-publish","has-post-thumbnail","hentry"],"yoast_head":"<!-- This site is optimized with the Yoast SEO plugin v26.9 - https:\/\/yoast.com\/product\/yoast-seo-wordpress\/ -->\n<title>News - HVG Trub Trubschachen Langnau<\/title>\n<meta name=\"robots\" content=\"index, follow, max-snippet:-1, max-image-preview:large, max-video-preview:-1\" \/>\n<link rel=\"canonical\" href=\"https:\/\/www.hvgtrub.ch\/?page_id=90\" \/>\n<meta property=\"og:locale\" content=\"de_DE\" \/>\n<meta property=\"og:type\" content=\"article\" \/>\n<meta property=\"og:title\" content=\"News - HVG Trub Trubschachen Langnau\" \/>\n<meta property=\"og:description\" content=\"Der Weg des Holzes Einen Beitrag von neo1: https:\/\/www.neo1.ch\/artikel\/der-weg-des-holzes Informationsveranstaltung 17.10.2025 Am 17. Oktober 2025 fand in der Truberholzhalle der Zimmerei Hirschi AG derallj\u00e4hrliche Informationsabend der HVG Trub, Trubschachen und Langnau statt.Zahlreiche Mitglieder und Interessierte versammelten sich, um sich \u00fcberaktuelle Themen rund um den Wald und die Wildpolitik im Kanton Bern zuinformieren. Einblicke in die &hellip; Mehr \u00fcber &quot;News&quot; Lesen\" \/>\n<meta property=\"og:url\" content=\"https:\/\/www.hvgtrub.ch\/?page_id=90\" \/>\n<meta property=\"og:site_name\" content=\"HVG Trub Trubschachen Langnau\" \/>\n<meta property=\"article:modified_time\" content=\"2026-04-18T17:56:31+00:00\" \/>\n<meta property=\"og:image\" content=\"https:\/\/www.hvgtrub.ch\/wp-content\/uploads\/2022\/01\/DSC_1864_scaled-1024x684.jpg\" \/>\n\t<meta property=\"og:image:width\" content=\"1024\" \/>\n\t<meta property=\"og:image:height\" content=\"684\" \/>\n\t<meta property=\"og:image:type\" content=\"image\/jpeg\" \/>\n<meta name=\"twitter:card\" content=\"summary_large_image\" \/>\n<meta name=\"twitter:label1\" content=\"Gesch\u00e4tzte Lesezeit\" \/>\n\t<meta name=\"twitter:data1\" content=\"6\u00a0Minuten\" \/>\n<script type=\"application\/ld+json\" class=\"yoast-schema-graph\">{\"@context\":\"https:\/\/schema.org\",\"@graph\":[{\"@type\":\"WebPage\",\"@id\":\"https:\/\/www.hvgtrub.ch\/?page_id=90\",\"url\":\"https:\/\/www.hvgtrub.ch\/?page_id=90\",\"name\":\"News - HVG Trub Trubschachen Langnau\",\"isPartOf\":{\"@id\":\"https:\/\/www.hvgtrub.ch\/#website\"},\"primaryImageOfPage\":{\"@id\":\"https:\/\/www.hvgtrub.ch\/?page_id=90#primaryimage\"},\"image\":{\"@id\":\"https:\/\/www.hvgtrub.ch\/?page_id=90#primaryimage\"},\"thumbnailUrl\":\"https:\/\/www.hvgtrub.ch\/wp-content\/uploads\/2022\/01\/DSC_1864_scaled.jpg\",\"datePublished\":\"2022-01-07T05:16:12+00:00\",\"dateModified\":\"2026-04-18T17:56:31+00:00\",\"breadcrumb\":{\"@id\":\"https:\/\/www.hvgtrub.ch\/?page_id=90#breadcrumb\"},\"inLanguage\":\"de\",\"potentialAction\":[{\"@type\":\"ReadAction\",\"target\":[\"https:\/\/www.hvgtrub.ch\/?page_id=90\"]}]},{\"@type\":\"ImageObject\",\"inLanguage\":\"de\",\"@id\":\"https:\/\/www.hvgtrub.ch\/?page_id=90#primaryimage\",\"url\":\"https:\/\/www.hvgtrub.ch\/wp-content\/uploads\/2022\/01\/DSC_1864_scaled.jpg\",\"contentUrl\":\"https:\/\/www.hvgtrub.ch\/wp-content\/uploads\/2022\/01\/DSC_1864_scaled.jpg\",\"width\":2560,\"height\":1709},{\"@type\":\"BreadcrumbList\",\"@id\":\"https:\/\/www.hvgtrub.ch\/?page_id=90#breadcrumb\",\"itemListElement\":[{\"@type\":\"ListItem\",\"position\":1,\"name\":\"Startseite\",\"item\":\"https:\/\/www.hvgtrub.ch\/\"},{\"@type\":\"ListItem\",\"position\":2,\"name\":\"News\"}]},{\"@type\":\"WebSite\",\"@id\":\"https:\/\/www.hvgtrub.ch\/#website\",\"url\":\"https:\/\/www.hvgtrub.ch\/\",\"name\":\"HVG Trub Trubschachen Langnau\",\"description\":\"Professionelle Holzvermarktung f\u00fcr Waldbesitzer\",\"publisher\":{\"@id\":\"https:\/\/www.hvgtrub.ch\/#organization\"},\"potentialAction\":[{\"@type\":\"SearchAction\",\"target\":{\"@type\":\"EntryPoint\",\"urlTemplate\":\"https:\/\/www.hvgtrub.ch\/?s={search_term_string}\"},\"query-input\":{\"@type\":\"PropertyValueSpecification\",\"valueRequired\":true,\"valueName\":\"search_term_string\"}}],\"inLanguage\":\"de\"},{\"@type\":\"Organization\",\"@id\":\"https:\/\/www.hvgtrub.ch\/#organization\",\"name\":\"Holzvermarktungsgenossenschaft Trub, Trubschachen, Langnau\",\"url\":\"https:\/\/www.hvgtrub.ch\/\",\"logo\":{\"@type\":\"ImageObject\",\"inLanguage\":\"de\",\"@id\":\"https:\/\/www.hvgtrub.ch\/#\/schema\/logo\/image\/\",\"url\":\"https:\/\/www.hvgtrub.ch\/wp-content\/uploads\/2022\/01\/logo-1.png\",\"contentUrl\":\"https:\/\/www.hvgtrub.ch\/wp-content\/uploads\/2022\/01\/logo-1.png\",\"width\":512,\"height\":512,\"caption\":\"Holzvermarktungsgenossenschaft Trub, Trubschachen, Langnau\"},\"image\":{\"@id\":\"https:\/\/www.hvgtrub.ch\/#\/schema\/logo\/image\/\"}}]}<\/script>\n<!-- \/ Yoast SEO plugin. -->","yoast_head_json":{"title":"News - HVG Trub Trubschachen Langnau","robots":{"index":"index","follow":"follow","max-snippet":"max-snippet:-1","max-image-preview":"max-image-preview:large","max-video-preview":"max-video-preview:-1"},"canonical":"https:\/\/www.hvgtrub.ch\/?page_id=90","og_locale":"de_DE","og_type":"article","og_title":"News - HVG Trub Trubschachen Langnau","og_description":"Der Weg des Holzes Einen Beitrag von neo1: https:\/\/www.neo1.ch\/artikel\/der-weg-des-holzes Informationsveranstaltung 17.10.2025 Am 17. Oktober 2025 fand in der Truberholzhalle der Zimmerei Hirschi AG derallj\u00e4hrliche Informationsabend der HVG Trub, Trubschachen und Langnau statt.Zahlreiche Mitglieder und Interessierte versammelten sich, um sich \u00fcberaktuelle Themen rund um den Wald und die Wildpolitik im Kanton Bern zuinformieren. Einblicke in die &hellip; Mehr \u00fcber \"News\" Lesen","og_url":"https:\/\/www.hvgtrub.ch\/?page_id=90","og_site_name":"HVG Trub Trubschachen Langnau","article_modified_time":"2026-04-18T17:56:31+00:00","og_image":[{"width":1024,"height":684,"url":"https:\/\/www.hvgtrub.ch\/wp-content\/uploads\/2022\/01\/DSC_1864_scaled-1024x684.jpg","type":"image\/jpeg"}],"twitter_card":"summary_large_image","twitter_misc":{"Gesch\u00e4tzte Lesezeit":"6\u00a0Minuten"},"schema":{"@context":"https:\/\/schema.org","@graph":[{"@type":"WebPage","@id":"https:\/\/www.hvgtrub.ch\/?page_id=90","url":"https:\/\/www.hvgtrub.ch\/?page_id=90","name":"News - HVG Trub Trubschachen Langnau","isPartOf":{"@id":"https:\/\/www.hvgtrub.ch\/#website"},"primaryImageOfPage":{"@id":"https:\/\/www.hvgtrub.ch\/?page_id=90#primaryimage"},"image":{"@id":"https:\/\/www.hvgtrub.ch\/?page_id=90#primaryimage"},"thumbnailUrl":"https:\/\/www.hvgtrub.ch\/wp-content\/uploads\/2022\/01\/DSC_1864_scaled.jpg","datePublished":"2022-01-07T05:16:12+00:00","dateModified":"2026-04-18T17:56:31+00:00","breadcrumb":{"@id":"https:\/\/www.hvgtrub.ch\/?page_id=90#breadcrumb"},"inLanguage":"de","potentialAction":[{"@type":"ReadAction","target":["https:\/\/www.hvgtrub.ch\/?page_id=90"]}]},{"@type":"ImageObject","inLanguage":"de","@id":"https:\/\/www.hvgtrub.ch\/?page_id=90#primaryimage","url":"https:\/\/www.hvgtrub.ch\/wp-content\/uploads\/2022\/01\/DSC_1864_scaled.jpg","contentUrl":"https:\/\/www.hvgtrub.ch\/wp-content\/uploads\/2022\/01\/DSC_1864_scaled.jpg","width":2560,"height":1709},{"@type":"BreadcrumbList","@id":"https:\/\/www.hvgtrub.ch\/?page_id=90#breadcrumb","itemListElement":[{"@type":"ListItem","position":1,"name":"Startseite","item":"https:\/\/www.hvgtrub.ch\/"},{"@type":"ListItem","position":2,"name":"News"}]},{"@type":"WebSite","@id":"https:\/\/www.hvgtrub.ch\/#website","url":"https:\/\/www.hvgtrub.ch\/","name":"HVG Trub Trubschachen Langnau","description":"Professionelle Holzvermarktung f\u00fcr Waldbesitzer","publisher":{"@id":"https:\/\/www.hvgtrub.ch\/#organization"},"potentialAction":[{"@type":"SearchAction","target":{"@type":"EntryPoint","urlTemplate":"https:\/\/www.hvgtrub.ch\/?s={search_term_string}"},"query-input":{"@type":"PropertyValueSpecification","valueRequired":true,"valueName":"search_term_string"}}],"inLanguage":"de"},{"@type":"Organization","@id":"https:\/\/www.hvgtrub.ch\/#organization","name":"Holzvermarktungsgenossenschaft Trub, Trubschachen, Langnau","url":"https:\/\/www.hvgtrub.ch\/","logo":{"@type":"ImageObject","inLanguage":"de","@id":"https:\/\/www.hvgtrub.ch\/#\/schema\/logo\/image\/","url":"https:\/\/www.hvgtrub.ch\/wp-content\/uploads\/2022\/01\/logo-1.png","contentUrl":"https:\/\/www.hvgtrub.ch\/wp-content\/uploads\/2022\/01\/logo-1.png","width":512,"height":512,"caption":"Holzvermarktungsgenossenschaft Trub, Trubschachen, Langnau"},"image":{"@id":"https:\/\/www.hvgtrub.ch\/#\/schema\/logo\/image\/"}}]}},"_links":{"self":[{"href":"https:\/\/www.hvgtrub.ch\/index.php?rest_route=\/wp\/v2\/pages\/90","targetHints":{"allow":["GET"]}}],"collection":[{"href":"https:\/\/www.hvgtrub.ch\/index.php?rest_route=\/wp\/v2\/pages"}],"about":[{"href":"https:\/\/www.hvgtrub.ch\/index.php?rest_route=\/wp\/v2\/types\/page"}],"author":[{"embeddable":true,"href":"https:\/\/www.hvgtrub.ch\/index.php?rest_route=\/wp\/v2\/users\/1"}],"replies":[{"embeddable":true,"href":"https:\/\/www.hvgtrub.ch\/index.php?rest_route=%2Fwp%2Fv2%2Fcomments&post=90"}],"version-history":[{"count":62,"href":"https:\/\/www.hvgtrub.ch\/index.php?rest_route=\/wp\/v2\/pages\/90\/revisions"}],"predecessor-version":[{"id":1063,"href":"https:\/\/www.hvgtrub.ch\/index.php?rest_route=\/wp\/v2\/pages\/90\/revisions\/1063"}],"wp:featuredmedia":[{"embeddable":true,"href":"https:\/\/www.hvgtrub.ch\/index.php?rest_route=\/wp\/v2\/media\/424"}],"wp:attachment":[{"href":"https:\/\/www.hvgtrub.ch\/index.php?rest_route=%2Fwp%2Fv2%2Fmedia&parent=90"}],"curies":[{"name":"wp","href":"https:\/\/api.w.org\/{rel}","templated":true}]}}